{"id":5713,"date":"2018-10-05T18:18:25","date_gmt":"2018-10-05T18:18:25","guid":{"rendered":"http:\/\/cna.org.ar\/?page_id=5713"},"modified":"2018-10-08T17:13:02","modified_gmt":"2018-10-08T17:13:02","slug":"chile","status":"publish","type":"page","link":"https:\/\/cna.org.ar\/index.php\/chile\/","title":{"rendered":"CHILE"},"content":{"rendered":"<p><strong><u>AGENCIA EFE<\/u><\/strong><\/p>\n<h3>Erdogan firma acuerdos en Chile, un pa\u00eds clave para la apertura a Latinoam\u00e9rica<\/h3>\n<p><em>Santiago de Chile &#8211; <\/em><em>1 feb. 2016<\/em><\/p>\n<p style=\"text-align: justify;\"><a href=\"https:\/\/i0.wp.com\/cna.org.ar\/wp-content\/uploads\/2018\/10\/CHILE.jpg?ssl=1\"><img data-recalc-dims=\"1\" loading=\"lazy\" decoding=\"async\" class=\"alignleft size-medium wp-image-5703\" src=\"https:\/\/i0.wp.com\/cna.org.ar\/wp-content\/uploads\/2018\/10\/CHILE.jpg?resize=300%2C200&#038;ssl=1\" alt=\"CHILE\" width=\"300\" height=\"200\" srcset=\"https:\/\/i0.wp.com\/cna.org.ar\/wp-content\/uploads\/2018\/10\/CHILE.jpg?resize=300%2C200&amp;ssl=1 300w, https:\/\/i0.wp.com\/cna.org.ar\/wp-content\/uploads\/2018\/10\/CHILE.jpg?resize=525%2C350&amp;ssl=1 525w, https:\/\/i0.wp.com\/cna.org.ar\/wp-content\/uploads\/2018\/10\/CHILE.jpg?w=600&amp;ssl=1 600w\" sizes=\"auto, (max-width: 300px) 100vw, 300px\" \/><\/a>El presidente de Turqu\u00eda, Recep Tayyip Erdogan, firm\u00f3 hoy en Chile acuerdos para fortalecer la cooperaci\u00f3n bilateral con el pa\u00eds suramericano, que juega un papel relevante en la estrategia turca de apertura a Am\u00e9rica Latina.<\/p>\n<p style=\"text-align: justify;\">Erdogan inici\u00f3 las actividades de su visita oficial a Chile con un encuentro con la presidenta Michelle Bachelet en el Palacio de La Moneda, sede del Ejecutivo chileno.<\/p>\n<p style=\"text-align: justify;\">\u00abChile es un pa\u00eds clave para nuestra apertura a Am\u00e9rica Latina\u00bb, dijo el l\u00edder turco en una declaraci\u00f3n p\u00fablica tras la firma de los acuerdos.<\/p>\n<p style=\"text-align: justify;\">El presidente turco, que viaja acompa\u00f1ado de varios ministros de su gabinete y una numerosa comitiva de empresarios, permanecer\u00e1 en Santiago hasta el martes y luego seguir\u00e1 su gira suramericana en Per\u00fa y Ecuador.<\/p>\n<p style=\"text-align: justify;\">Chile y Turqu\u00eda, que tienen un Tratado de Libre Comercio (TLC) vigente desde 2011, acordaron profundizar sus relaciones con un pacto entre la Agencia de Cooperaci\u00f3n Internacional para el Desarrollo de Chile (AGCI) y su par turca, la Turkish Cooperation and Coordination Agency (TIKA).<\/p>\n<p style=\"text-align: justify;\">Con este acuerdo, explic\u00f3 Bachelet, Chile espera \u00abaprovechar la convergencia existente en pol\u00edticas de desarrollo sostenible para dise\u00f1ar proyectos de cooperaci\u00f3n triangular en Am\u00e9rica Latina, \u00c1frica y Medio Oriente\u00bb.<\/p>\n<p style=\"text-align: justify;\">Tambi\u00e9n suscribieron un memor\u00e1ndum de entendimiento entre autoridades de transporte a\u00e9reo con el objetivo de elaborar en el corto plazo un acuerdo de servicios a\u00e9reos entre ambos pa\u00edses.<\/p>\n<p style=\"text-align: justify;\">La presidenta chilena afirm\u00f3 que la visita de Erdogan, la segunda de un presidente turco a Chile despu\u00e9s de la del fallecido Suleyman Demirel hace 21 a\u00f1os, se produce en un momento especial porque este 2016 se celebran los 90 a\u00f1os del establecimiento de las relaciones diplom\u00e1ticas entre los dos pa\u00edses.<\/p>\n<p style=\"text-align: justify;\">El intercambio comercial entre Chile y Turqu\u00eda, que en 2014 alcanz\u00f3 los 592 millones de d\u00f3lares, se ha dinamizado desde la entrada en vigencia del TLC, un acuerdo que, dijo Bachelet, espera profundizar pronto con la inclusi\u00f3n de nuevos servicios y productos.<\/p>\n<p style=\"text-align: justify;\">La mandataria expres\u00f3 su deseo de que la delegaci\u00f3n de empresarios que acompa\u00f1a a Erdogan aproveche la visita para hacer contactos y explorar posibilidades de inversi\u00f3n en \u00e1reas como la energ\u00eda, infraestructura y turismo.<\/p>\n<p style=\"text-align: justify;\">Bachelet valor\u00f3 el esfuerzo realizado por el Gobierno turco durante la \u00faltima d\u00e9cada para acercarse a Am\u00e9rica Latina y el Caribe, una estrategia que se refleja, entre otras medidas, en su rol de Estado observador de la Alianza del Pac\u00edfico, un bloque comercial formado por Chile, Per\u00fa, Colombia y M\u00e9xico.<\/p>\n<p style=\"text-align: justify;\">Erdogan, en tanto, destac\u00f3 que si bien el TLC permiti\u00f3 duplicar el comercio bilateral en los primeros a\u00f1os, los intercambios registraron una disminuci\u00f3n de 90 millones de d\u00f3lares en 2015 respecto del a\u00f1o anterior.<\/p>\n<p style=\"text-align: justify;\">\u00abEs importante recuperar esta cifra porque Chile y Turqu\u00eda deben dar un paso adelante importante y creo que podemos llegar a los 1.000 millones de d\u00f3lares de comercio bilateral\u00bb, se\u00f1al\u00f3 el l\u00edder turco.<\/p>\n<p style=\"text-align: justify;\">Erdogan aseguro que Chile es un pa\u00eds \u00abpionero\u00bb en Am\u00e9rica Latina y una pieza clave en su estrategia que puso en marcha en 2006 para estrechar lazos con la regi\u00f3n.<\/p>\n<p style=\"text-align: justify;\">\u00abEsta estrategia de apertura ha tenido una aceleraci\u00f3n muy importante en los \u00faltimos diez a\u00f1os y queremos mejorar las relaciones con los pa\u00edses y los organismos regionales\u00bb, apunt\u00f3 Erdogan.<\/p>\n<p style=\"text-align: justify;\">La estrategia, dijo el presidente turco, ha dado ya los primeros frutos con un importante aumento de las misiones comerciales y el incremento del volumen de negocios, que se ha multiplicado por nueve.<\/p>\n<p style=\"text-align: justify;\">Erdogan tambi\u00e9n se refiri\u00f3 a la crisis de los refugiados de Oriente Medio que arriban a Europa, y que en su mayor\u00eda pasan por territorio turco.<\/p>\n<p style=\"text-align: justify;\">\u00abTurqu\u00eda ha abierto sus puertas sin ninguna distinci\u00f3n a m\u00e1s de 2,5 millones de refugiados sirios e iraqu\u00edes\u00bb, dijo.<\/p>\n<p style=\"text-align: justify;\">Despu\u00e9s de almorzar con la presidenta chilena, Erdogan particip\u00f3 en un foro empresarial organizado en el tercer encuentro empresarial Chile-Turqu\u00eda, organizado por la Sociedad de Fomento Fabril (Sofofa).<\/p>\n<p style=\"text-align: justify;\">Despu\u00e9s tiene previsto ofrecer una conferencia en la sede de la Comisi\u00f3n Econ\u00f3mica para Am\u00e9rica Latina y el Caribe (Cepal), donde ser\u00e1 recibido por la secretaria ejecutiva del organismo, Alicia B\u00e1rcena.<\/p>\n<p style=\"text-align: justify;\">M\u00e1s tarde realizar\u00e1 una visita a la escuela Mustaf\u00e1 Kemal Atat\u00fcrk, en el barrio santiaguino de Lo Prado, y asistir\u00e1 a una actividad cultural.<\/p>\n<p style=\"text-align: justify;\">Este martes, Erdogan participar\u00e1 en la inauguraci\u00f3n de las obras de remodelaci\u00f3n de la Plaza Turqu\u00eda, en el barrio de Vitacura, y cerca del mediod\u00eda viajar\u00e1 a Per\u00fa, la segunda escala de la gira suramericana.<\/p>\n<p><a href=\"https:\/\/www.efe.com\/efe\/america\/politica\/erdogan-firma-acuerdos-en-chile-un-pais-clave-para-la-apertura-a-latinoamerica\/20000035-2827033\" target=\"_blank\">https:\/\/www.efe.com\/efe\/america\/politica\/erdogan-firma-acuerdos-en-chile-un-pais-clave-para-la-apertura-a-latinoamerica\/20000035-2827033<\/a><\/p>\n<p>&nbsp;<\/p>\n<p><span style=\"text-decoration: underline;\"><strong>EL DESCONCIERTO\u00a0<\/strong><\/span><\/p>\n<h3>Recep Tayyip Erdogan, el repudiado presidente de Turqu\u00eda de visita en Chile<\/h3>\n<p><em>Por Francisco Parra \/ 01.02.2016<\/em><\/p>\n<p style=\"text-align: justify;\">El mandatario turco se encuentra en Chile en visita oficial. En su pa\u00eds es acusado de ganar elecciones v\u00eda fraude, sostener militar y financieramente al Estado Isl\u00e1mico y otros grupos terroristas y de mantener pol\u00edtica de represi\u00f3n ante el pueblo kurdo.<\/p>\n<p style=\"text-align: justify;\">Ayer por la ma\u00f1ana lleg\u00f3 al pa\u00eds el presidente de Turqu\u00eda, Recep Tayyip Erdogan, en el marco de una gira latinoamericana que lo llevar\u00e1 tambi\u00e9n a Per\u00fa y Ecuador. Fue recibido por el canciller Heraldo Mu\u00f1oz y tiene planificado reunirse esta ma\u00f1ana con la presidenta Michelle Bachelet. Adem\u00e1s, La Moneda ofrecer\u00e1 un almuerzo en su honor.<\/p>\n<p style=\"text-align: justify;\">La visita se enmarca en la profundizaci\u00f3n de relaciones entra ambos pa\u00edses, despu\u00e9s del Tratado de Libre Comercio firmado en 2011. Seg\u00fan Mu\u00f1oz, Turqu\u00eda juega actualmente un papel clave en la agenda internacional, como en la crisis de los refugiados en Europa y el conflicto en Siria.<\/p>\n<p style=\"text-align: justify;\">Sin embargo, su rol en este \u00faltimo conflicto no es tan inocente. Desde 2015 que las cr\u00edticas y cuestionamientos hacia Erdogan se han multiplicado: el mandatario es acusado de ganar las \u00faltimas elecciones v\u00eda fraude, de mantener militarizadas zonas del territorio de su pa\u00eds, y adem\u00e1s de financiar y apoyar a grupos terroristas como el Estado Isl\u00e1mico.<\/p>\n<p style=\"text-align: justify;\">Erdogan ha sido uno de los principales impulsores para acabar con el r\u00e9gimen sirio de Bashar al Assad, plan en el que es secundado por Estados Unidos y su otro gran aliado en la zona, Arabia Saudita.<\/p>\n<p style=\"text-align: justify;\">Distintas informaciones de prensa internacional aseguran que los terroristas que se encuentran en Siria ingresan al pa\u00eds a trav\u00e9s de la frontera con Turqu\u00eda. As\u00ed lo dijo por ejemplo Hans-Georg Maassen, encargado de la Oficina para la Protecci\u00f3n de la Constituci\u00f3n del Gobierno Federal Alem\u00e1n. En una entrevista a un medio alem\u00e1n asegur\u00f3 que el 90 por ciento de los terroristas que est\u00e1n en Siria, cruzan desde Turqu\u00eda.<\/p>\n<p style=\"text-align: justify;\">El r\u00e9gimen turco tambi\u00e9n es acusado de aportar armas a grupos terroristas con el fin de desestabilizar el gobierno sirio y de facilitar el tr\u00e1fico ilegal de petr\u00f3leo de la zona. La inteligencia del gobierno ruso ha denunciado en m\u00e1s de una ocasi\u00f3n que terroristas del Estado Isl\u00e1mico explotan petr\u00f3leo en Siria -en los territorios que tienen bajo su control-, lo trasladan a Turqu\u00eda y desde ah\u00ed lo comercializan hacia el exterior. En estas operaciones se ha visto involucrado hasta el propio hijo del mandatario, Bilial Erdogan.<br \/>\nEn noviembre pasado un avi\u00f3n ruso fue derribado en Siria por fuerzas del ej\u00e9rcito turco. Erdogan se excus\u00f3 en su derecho de reaccionar ante una incursi\u00f3n en su territorio. Lo llamativo fue que no hubo ning\u00fan tipo de advertencia a la tripulaci\u00f3n de la aeronave, que sobrevolaba la zona donde se desarrollar\u00eda la circulaci\u00f3n ilegal de petr\u00f3leo por parte del EI.<\/p>\n<p style=\"text-align: justify;\"><strong>Represi\u00f3n interna<br \/>\n<\/strong><br \/>\nSu rol en el conflicto del Medio Oriente no es lo \u00fanico por lo que Erdogan se gana el rechazo alrededor del mundo. En las elecciones parlamentarias de junio pasado, Erdogan y su partido de la Justicia y el<br \/>\nDesarrollo (AKP) triunfaron, aunque perdieron varios esca\u00f1os en el congreso ante la irrupci\u00f3n del Partido Democr\u00e1tico de los Pueblos (HDO) y el Partido de los Trabajadores de Kurdist\u00e1n (PKK), apoyados por la mayor\u00eda del pueblo kurdo, que se mantiene en conflicto con el Estado turco desde hace m\u00e1s de 30 a\u00f1os.<\/p>\n<p style=\"text-align: justify;\">Desde esa debacle electoral que el r\u00e9gimen de Erdogan intensific\u00f3 su ofensiva anti-kurda. La denuncia de militarizaci\u00f3n y toques de queda se repite cada vez m\u00e1s en las ciudades de mayor\u00eda kurda. En noviembre se convoc\u00f3 a elecciones anticipadas en las que triunf\u00f3 nuevamente Erdogan, pero con serias acusaciones de irregularidad en su contra y con cr\u00edticas al despliegue del ej\u00e9rcito para reprimir las movilizaciones en su contra.<\/p>\n<p style=\"text-align: justify;\">En la semana previa a las elecciones, la polic\u00eda turca allan\u00f3 dos canales de televisi\u00f3n por hacer campa\u00f1a contra Erdogan. Formalmente fueron acusados de \u201crealizar propaganda a organizaciones terroristas\u201d. Asimismo se inici\u00f3 una causa contra 26 periodistas por publicar notas a favor del movimiento kurdo. Adem\u00e1s, tras la victoria en dichos comicios, el presidente turco recibi\u00f3 las felicitaciones v\u00eda Twitter por parte de cuentas asociadas a grupos terroristas como Ahrar al Sham y Yaish al Islam. En una declaraci\u00f3n alabaron el \u201cpapel jugado por el AKP en el renacimiento econ\u00f3mico de Turqu\u00eda, as\u00ed como su apoyo al pueblo sirio\u201d.<\/p>\n<p style=\"text-align: justify;\">Seg\u00fan el informe \u201cSobre la guerra contra los kurdos en Turqu\u00eda\u201d, realizado por la Asociaci\u00f3n de Derechos Humanos (IHD) de Turqu\u00eda y la Fundaci\u00f3n de Derechos Humanos, el nivel de represi\u00f3n ha aumentado considerablemente durante el 2015. El informe \u2013que se puede leer completo ac\u00e1\u2013 dice que en el a\u00f1o hubieron 173 ejecuciones extrajudiciales, los que se suman a 138 personas muertas y m\u00e1s de 900 heridas por atentados suicidas en las ciudades de Diyarbakir, Suruc y \u00c1nkara. Si bien el Estado turco responsabiliz\u00f3 al Estado Isl\u00e1mico, desde la oposici\u00f3n se ha acusado al propio Estado turco sobre la responsabilidad de los atentados.<\/p>\n<p style=\"text-align: justify;\"><strong>Protestas contra Erdogan en Chile<br \/>\n<\/strong><br \/>\nLa presencia de Erdogan en Chile no tiene a todos felices. A trav\u00e9s de una carta a la presidenta Bachelet, al canciller Mu\u00f1oz y a los miembros de la comisi\u00f3n de relaciones exteriores de la C\u00e1mara y del Senado, el Comit\u00e9 de Solidaridad con Kurdist\u00e1n en Chile mostr\u00f3 su preocupaci\u00f3n por la visita del mandatario turco al pa\u00eds.<\/p>\n<p style=\"text-align: justify;\">A trav\u00e9s de una carta, rechazaron la presencia de Erdogan. \u201cEl mundo entero se conmocion\u00f3 con la brutalidad que transmitieron las im\u00e1genes de Aylan Kurdi, el ni\u00f1o refugiado proveniente de Siria que fue encontrado muerto en una playa de Turqu\u00eda. Aylan y su familia escapaban del avance del Estado Isl\u00e1mico y su imperio del terror. Viv\u00edan en Kobane, una ciudad kurda ubicada en la frontera siria que durante varios meses estuvo asediada por los terroristas, ante lo cual el mism\u00edsimo se\u00f1or Erdogan dijo en un acto p\u00fablico frente a miles de personas: \u201cKobane caer\u00e1 y no podremos impedirlo\u201d, dice la misiva.<br \/>\nSe convoc\u00f3 tambi\u00e9n para las 11.30 una protesta en la plaza de la Ciudadan\u00eda contra la visita del mandatario. Justo a esa hora estar\u00e1 a pocos metros reuni\u00e9ndose con la presidenta Michelle Bachelet.<\/p>\n<p><a href=\"http:\/\/www.eldesconcierto.cl\/2016\/02\/01\/quien-es-tayyip-erdogan-el-repudiado-presidente-de-turquia-de-visita-en-chile\/\" target=\"_blank\">http:\/\/www.eldesconcierto.cl\/2016\/02\/01\/quien-es-tayyip-erdogan-el-repudiado-presidente-de-turquia-de-visita-en-chile\/<\/a><\/p>\n<p>&nbsp;<br \/>\n<iframe loading=\"lazy\" src=\"https:\/\/www.youtube.com\/embed\/BchYNhhjclA\" width=\"560\" height=\"315\" frameborder=\"0\" allowfullscreen=\"allowfullscreen\"><\/iframe><br \/>\n&nbsp;<\/p>\n","protected":false},"excerpt":{"rendered":"<p>AGENCIA EFE Erdogan firma acuerdos en Chile, un pa\u00eds clave para la apertura a Latinoam\u00e9rica Santiago de Chile &#8211; 1 feb. 2016 El presidente de Turqu\u00eda, Recep Tayyip Erdogan, firm\u00f3 hoy en Chile acuerdos para fortalecer la cooperaci\u00f3n bilateral con el pa\u00eds suramericano, que juega un papel relevante en la estrategia turca de apertura a [&hellip;]<\/p>\n","protected":false},"author":1,"featured_media":0,"parent":0,"menu_order":0,"comment_status":"closed","ping_status":"closed","template":"","meta":{"site-sidebar-layout":"default","site-content-layout":"","ast-site-content-layout":"default","site-content-style":"default","site-sidebar-style":"default","ast-global-header-display":"","ast-banner-title-visibility":"","ast-main-header-display":"","ast-hfb-above-header-display":"","ast-hfb-below-header-display":"","ast-hfb-mobile-header-display":"","site-post-title":"","ast-breadcrumbs-content":"","ast-featured-img":"","footer-sml-layout":"","theme-transparent-header-meta":"","adv-header-id-meta":"","stick-header-meta":"","header-above-stick-meta":"","header-main-stick-meta":"","header-below-stick-meta":"","astra-migrate-meta-layouts":"default","ast-page-background-enabled":"default","ast-page-background-meta":{"desktop":{"background-color":"var(--ast-global-color-4)","background-image":"","background-repeat":"repeat","background-position":"center center","background-size":"auto","background-attachment":"scroll","background-type":"","background-media":"","overlay-type":"","overlay-color":"","overlay-opacity":"","overlay-gradient":""},"tablet":{"background-color":"","background-image":"","background-repeat":"repeat","background-position":"center center","background-size":"auto","background-attachment":"scroll","background-type":"","background-media":"","overlay-type":"","overlay-color":"","overlay-opacity":"","overlay-gradient":""},"mobile":{"background-color":"","background-image":"","background-repeat":"repeat","background-position":"center center","background-size":"auto","background-attachment":"scroll","background-type":"","background-media":"","overlay-type":"","overlay-color":"","overlay-opacity":"","overlay-gradient":""}},"ast-content-background-meta":{"desktop":{"background-color":"var(--ast-global-color-5)","background-image":"","background-repeat":"repeat","background-position":"center center","background-size":"auto","background-attachment":"scroll","background-type":"","background-media":"","overlay-type":"","overlay-color":"","overlay-opacity":"","overlay-gradient":""},"tablet":{"background-color":"var(--ast-global-color-5)","background-image":"","background-repeat":"repeat","background-position":"center center","background-size":"auto","background-attachment":"scroll","background-type":"","background-media":"","overlay-type":"","overlay-color":"","overlay-opacity":"","overlay-gradient":""},"mobile":{"background-color":"var(--ast-global-color-5)","background-image":"","background-repeat":"repeat","background-position":"center center","background-size":"auto","background-attachment":"scroll","background-type":"","background-media":"","overlay-type":"","overlay-color":"","overlay-opacity":"","overlay-gradient":""}},"footnotes":""},"class_list":["post-5713","page","type-page","status-publish","hentry"],"jetpack_sharing_enabled":true,"_links":{"self":[{"href":"https:\/\/cna.org.ar\/index.php\/wp-json\/wp\/v2\/pages\/5713","targetHints":{"allow":["GET"]}}],"collection":[{"href":"https:\/\/cna.org.ar\/index.php\/wp-json\/wp\/v2\/pages"}],"about":[{"href":"https:\/\/cna.org.ar\/index.php\/wp-json\/wp\/v2\/types\/page"}],"author":[{"embeddable":true,"href":"https:\/\/cna.org.ar\/index.php\/wp-json\/wp\/v2\/users\/1"}],"replies":[{"embeddable":true,"href":"https:\/\/cna.org.ar\/index.php\/wp-json\/wp\/v2\/comments?post=5713"}],"version-history":[{"count":4,"href":"https:\/\/cna.org.ar\/index.php\/wp-json\/wp\/v2\/pages\/5713\/revisions"}],"predecessor-version":[{"id":5743,"href":"https:\/\/cna.org.ar\/index.php\/wp-json\/wp\/v2\/pages\/5713\/revisions\/5743"}],"wp:attachment":[{"href":"https:\/\/cna.org.ar\/index.php\/wp-json\/wp\/v2\/media?parent=5713"}],"curies":[{"name":"wp","href":"https:\/\/api.w.org\/{rel}","templated":true}]}}